{"id":20372,"date":"2023-05-04T09:07:42","date_gmt":"2023-05-04T09:07:42","guid":{"rendered":"https:\/\/www.practeez.com\/webatelier\/plonger-dans-ses-racines-et-grandir-5-sessions\/"},"modified":"2026-04-10T06:42:19","modified_gmt":"2026-04-10T06:42:19","slug":"plonger-dans-ses-racines-et-grandir-5-sessions","status":"publish","type":"event_listing","link":"https:\/\/www.practeez.com\/es\/webatelier\/plonger-dans-ses-racines-et-grandir-5-sessions\/","title":{"rendered":"Renforcer son leadership int\u00e9rieur avec les 4 arch\u00e9types &#8211; Parcours"},"content":{"rendered":"<div class=\"flex max-w-full flex-col grow\">\n<div class=\"min-h-8 text-message relative flex w-full flex-col items-end gap-2 text-start break-words whitespace-normal [.text-message+&amp;]:mt-5\" dir=\"auto\" data-message-author-role=\"assistant\" data-message-id=\"6ca17b4f-5558-44af-8d32-9324f5ad3e37\" data-message-model-slug=\"gpt-4o\">\n<div class=\"flex w-full flex-col gap-1 empty:hidden first:pt-[3px]\">\n<div class=\"markdown prose dark:prose-invert w-full break-words dark\">\n<h2 data-start=\"363\" data-end=\"449\">\ud83c\udf3f Parcours en ligne : <strong data-start=\"389\" data-end=\"449\">Renforcer son leadership int\u00e9rieur avec les 4 arch\u00e9types : le visionnaire, le guerrier, le gu\u00e9risseur et le sage<\/strong><\/h2>\n<p data-start=\"451\" data-end=\"699\"><strong data-start=\"451\" data-end=\"506\">Dur\u00e9e : 5 sessions en ligne + 1 coaching individuel<\/strong><br data-start=\"506\" data-end=\"509\" \/><strong data-start=\"509\" data-end=\"624\">Public : entrepreneurs, ind\u00e9pendants, managers, professionnels en qu\u00eate d\u2019alignement et de stabilit\u00e9 int\u00e9rieure<\/strong><br data-start=\"624\" data-end=\"627\" \/><strong data-start=\"627\" data-end=\"699\">Format : groupe limit\u00e9 \u00e0 8 personnes pour des \u00e9changes en profondeur<\/strong><\/p>\n<hr data-start=\"701\" data-end=\"704\" \/>\n<h3 data-start=\"706\" data-end=\"784\">Un chemin de connaissance de soi\u2026 au service de vos projets professionnels<\/h3>\n<p data-start=\"786\" data-end=\"1035\">Quand on entreprend, notre activit\u00e9 refl\u00e8te qui nous sommes.<br data-start=\"846\" data-end=\"849\" \/>Plonger dans ses racines, comprendre ses dynamiques internes et ses \u00e9lans profonds, permet de <strong data-start=\"943\" data-end=\"985\">gagner en clart\u00e9, puissance, stabilit\u00e9<\/strong> \u2014 m\u00eame dans les p\u00e9riodes de doute ou d\u2019intensit\u00e9.<\/p>\n<p data-start=\"1037\" data-end=\"1203\">Ce parcours propose une exploration en profondeur de <strong data-start=\"1090\" data-end=\"1113\">4 grands arch\u00e9types<\/strong> inspir\u00e9s des traditions chamaniques, chacun porteur d\u2019une \u00e9nergie fondamentale du vivant.<\/p>\n<hr data-start=\"1205\" data-end=\"1208\" \/>\n<h3 data-start=\"1210\" data-end=\"1266\">\ud83d\udd04 4 arch\u00e9types, 4 saisons, 4 \u00e9l\u00e9ments, 4 directions<\/h3>\n<p data-start=\"1268\" data-end=\"1444\">Chaque arch\u00e9type est reli\u00e9 \u00e0 un <strong data-start=\"1300\" data-end=\"1311\">\u00e9l\u00e9ment<\/strong>, une <strong data-start=\"1317\" data-end=\"1327\">saison<\/strong>, une <strong data-start=\"1333\" data-end=\"1357\">direction symbolique<\/strong>, et incarne une <strong data-start=\"1374\" data-end=\"1442\">posture int\u00e9rieure essentielle \u00e0 un leadership complet et vivant<\/strong> :<\/p>\n<ul data-start=\"1446\" data-end=\"2332\">\n<li data-start=\"1446\" data-end=\"1652\">\n<p data-start=\"1448\" data-end=\"1471\">\ud83d\udd2e <strong data-start=\"1451\" data-end=\"1469\">Le Visionnaire<\/strong><\/p>\n<ul data-start=\"1474\" data-end=\"1652\">\n<li data-start=\"1474\" data-end=\"1511\">\n<p data-start=\"1476\" data-end=\"1511\"><strong data-start=\"1476\" data-end=\"1489\">Printemps<\/strong> \u2013 <strong data-start=\"1492\" data-end=\"1499\">Air<\/strong> \u2013 <strong data-start=\"1502\" data-end=\"1509\">Est<\/strong><\/p>\n<\/li>\n<li data-start=\"1514\" data-end=\"1563\">\n<p data-start=\"1516\" data-end=\"1563\">\u00c9nergie de l&#8217;\u00e9lan, de la vision, du renouveau<\/p>\n<\/li>\n<li data-start=\"1566\" data-end=\"1608\">\n<p data-start=\"1568\" data-end=\"1608\"><em data-start=\"1568\" data-end=\"1606\">\u00ab Et si j\u2019osais r\u00eaver plus grand ? \u00bb<\/em><\/p>\n<\/li>\n<li data-start=\"1611\" data-end=\"1652\">\n<p data-start=\"1613\" data-end=\"1652\">Ombres : dispersion, fuite dans l\u2019id\u00e9al<\/p>\n<\/li>\n<\/ul>\n<\/li>\n<li data-start=\"1654\" data-end=\"1880\">\n<p data-start=\"1656\" data-end=\"1677\">\ud83d\udee1\ufe0f <strong data-start=\"1660\" data-end=\"1675\">Le Guerrier<\/strong><\/p>\n<ul data-start=\"1680\" data-end=\"1880\">\n<li data-start=\"1680\" data-end=\"1711\">\n<p data-start=\"1682\" data-end=\"1711\"><strong data-start=\"1682\" data-end=\"1689\">\u00c9t\u00e9<\/strong> \u2013 <strong data-start=\"1692\" data-end=\"1699\">Feu<\/strong> \u2013 <strong data-start=\"1702\" data-end=\"1709\">Sud<\/strong><\/p>\n<\/li>\n<li data-start=\"1714\" data-end=\"1772\">\n<p data-start=\"1716\" data-end=\"1772\">\u00c9nergie de l\u2019action, du positionnement, de la pr\u00e9sence<\/p>\n<\/li>\n<li data-start=\"1775\" data-end=\"1832\">\n<p data-start=\"1777\" data-end=\"1832\"><em data-start=\"1777\" data-end=\"1830\">\u00ab Je suis l\u00e0. Ce n\u2019est pas facile, mais j\u2019y vais. \u00bb<\/em><\/p>\n<\/li>\n<li data-start=\"1835\" data-end=\"1880\">\n<p data-start=\"1837\" data-end=\"1880\">Ombres : agressivit\u00e9, repli ou sur-contr\u00f4le<\/p>\n<\/li>\n<\/ul>\n<\/li>\n<li data-start=\"1882\" data-end=\"2104\">\n<p data-start=\"1884\" data-end=\"1906\">\ud83e\udd32 <strong data-start=\"1887\" data-end=\"1904\">Le Gu\u00e9risseur<\/strong><\/p>\n<ul data-start=\"1909\" data-end=\"2104\">\n<li data-start=\"1909\" data-end=\"1946\">\n<p data-start=\"1911\" data-end=\"1946\"><strong data-start=\"1911\" data-end=\"1922\">Automne<\/strong> \u2013 <strong data-start=\"1925\" data-end=\"1932\">Eau<\/strong> \u2013 <strong data-start=\"1935\" data-end=\"1944\">Ouest<\/strong><\/p>\n<\/li>\n<li data-start=\"1949\" data-end=\"2000\">\n<p data-start=\"1951\" data-end=\"2000\">\u00c9nergie du soin, de l\u2019accueil, de la r\u00e9paration<\/p>\n<\/li>\n<li data-start=\"2003\" data-end=\"2054\">\n<p data-start=\"2005\" data-end=\"2054\"><em data-start=\"2005\" data-end=\"2052\">\u00ab J\u2019accueille ce qui est l\u00e0, sans jugement. \u00bb<\/em><\/p>\n<\/li>\n<li data-start=\"2057\" data-end=\"2104\">\n<p data-start=\"2059\" data-end=\"2104\">Ombres : sacrifice de soi, sauveur, \u00e9vitement<\/p>\n<\/li>\n<\/ul>\n<\/li>\n<li data-start=\"2106\" data-end=\"2332\">\n<p data-start=\"2108\" data-end=\"2124\">\ud83e\udd89 <strong data-start=\"2111\" data-end=\"2122\">Le Sage<\/strong><\/p>\n<ul data-start=\"2127\" data-end=\"2332\">\n<li data-start=\"2127\" data-end=\"2163\">\n<p data-start=\"2129\" data-end=\"2163\"><strong data-start=\"2129\" data-end=\"2138\">Hiver<\/strong> \u2013 <strong data-start=\"2141\" data-end=\"2150\">Terre<\/strong> \u2013 <strong data-start=\"2153\" data-end=\"2161\">Nord<\/strong><\/p>\n<\/li>\n<li data-start=\"2166\" data-end=\"2217\">\n<p data-start=\"2168\" data-end=\"2217\">\u00c9nergie du recul, du discernement, de l\u2019ancrage<\/p>\n<\/li>\n<li data-start=\"2220\" data-end=\"2279\">\n<p data-start=\"2222\" data-end=\"2279\"><em data-start=\"2222\" data-end=\"2277\">\u00ab Que dit l\u2019essentiel ? Je ne r\u00e9agis pas, j\u2019\u00e9coute. \u00bb<\/em><\/p>\n<\/li>\n<li data-start=\"2282\" data-end=\"2332\">\n<p data-start=\"2284\" data-end=\"2332\">Ombres : inertie, d\u00e9tachement froid, immobilisme<\/p>\n<\/li>\n<\/ul>\n<\/li>\n<\/ul>\n<p data-start=\"2334\" data-end=\"2541\">Ces 4 forces vivent en chacun de nous, mais ne s\u2019expriment pas toujours de fa\u00e7on \u00e9quilibr\u00e9e. Ce parcours est l\u00e0 pour vous aider \u00e0 <strong data-start=\"2464\" data-end=\"2540\">les reconna\u00eetre, les activer consciemment, et les faire coop\u00e9rer en vous<\/strong>.<\/p>\n<hr data-start=\"2543\" data-end=\"2546\" \/>\n<h3 data-start=\"2548\" data-end=\"2581\">Pourquoi suivre ce parcours ?<\/h3>\n<p data-start=\"2583\" data-end=\"2624\">Parce que <strong data-start=\"2593\" data-end=\"2615\">mieux se conna\u00eetre<\/strong>, c\u2019est :<\/p>\n<p data-start=\"2626\" data-end=\"2940\">\u2714\ufe0f Traverser les obstacles avec plus de discernement<br data-start=\"2678\" data-end=\"2681\" \/>\u2714\ufe0f Se sentir \u00e0 sa juste place, sans se suradapter<br data-start=\"2730\" data-end=\"2733\" \/>\u2714\ufe0f D\u00e9ployer une puissance d\u2019action fluide et align\u00e9e<br data-start=\"2785\" data-end=\"2788\" \/>\u2714\ufe0f Se lib\u00e9rer de sch\u00e9mas inconscients ou r\u00e9p\u00e9titifs<br data-start=\"2839\" data-end=\"2842\" \/>\u2714\ufe0f Cultiver une confiance durable et apais\u00e9e<br data-start=\"2886\" data-end=\"2889\" \/>\u2714\ufe0f Coop\u00e9rer avec plus d\u2019authenticit\u00e9 et de solidit\u00e9<\/p>\n<hr data-start=\"2942\" data-end=\"2945\" \/>\n<h3 data-start=\"2947\" data-end=\"2961\">Le d\u00e9roul\u00e9<\/h3>\n<p data-start=\"2963\" data-end=\"3188\">\ud83c\udf00 <strong data-start=\"2966\" data-end=\"2992\">5 sessions collectives<\/strong> (1h30), espac\u00e9es d\u2019environ deux semaines<br data-start=\"3033\" data-end=\"3036\" \/>\u2192 Alternance de temps introspectifs, activit\u00e9s en bin\u00f4mes et en mini-groupe<br data-start=\"3111\" data-end=\"3114\" \/>\u2192 Une exploration de chaque arch\u00e9type + un atelier de synth\u00e8se int\u00e9grative<\/p>\n<p data-start=\"3190\" data-end=\"3312\">\ud83d\udcac <strong data-start=\"3193\" data-end=\"3229\">1 session de coaching individuel<\/strong> (45 minutes) pour aller plus loin sur une dynamique personnelle ou professionnelle<\/p>\n<p data-start=\"3314\" data-end=\"3421\">\ud83d\udcd8 <strong data-start=\"3317\" data-end=\"3351\">Des propositions intersessions<\/strong> : questions de r\u00e9flexion, rituels simples, exp\u00e9rimentations concr\u00e8tes<\/p>\n<hr data-start=\"3423\" data-end=\"3426\" \/>\n<h3 data-start=\"3428\" data-end=\"3441\">Modalit\u00e9s<\/h3>\n<ul data-start=\"3443\" data-end=\"3659\">\n<li data-start=\"3443\" data-end=\"3478\">\n<p data-start=\"3445\" data-end=\"3478\">Groupe limit\u00e9 \u00e0 <strong data-start=\"3461\" data-end=\"3476\">8 personnes<\/strong><\/p>\n<\/li>\n<li data-start=\"3479\" data-end=\"3589\">\n<p data-start=\"3481\" data-end=\"3507\">Deux cr\u00e9neaux au choix :<\/p>\n<ul data-start=\"3510\" data-end=\"3589\">\n<li data-start=\"3510\" data-end=\"3548\">En <strong data-start=\"3559\" data-end=\"3570\">semaine<\/strong> de 8h30 \u00e0 10h ou de 16h \u00e0 17h30. Les dates sont fix\u00e9es avec les participants du groupe.<\/li>\n<\/ul>\n<\/li>\n<\/ul>\n<hr data-start=\"3661\" data-end=\"3664\" \/>\n<h3 data-start=\"3666\" data-end=\"3712\">Une transformation progressive et profonde<\/h3>\n<p data-start=\"3714\" data-end=\"3943\">Ce parcours est une <strong data-start=\"3734\" data-end=\"3770\">exp\u00e9rience int\u00e9rieure structur\u00e9e<\/strong> pour celles et ceux qui veulent faire de leur activit\u00e9 professionnelle un <strong data-start=\"3845\" data-end=\"3896\">espace d\u2019alignement et d\u2019expression personnelle<\/strong>, et non un lieu de tension ou de d\u00e9s\u00e9quilibre.<\/p>\n<p data-start=\"3945\" data-end=\"4105\"><strong data-start=\"3945\" data-end=\"3975\">\u2192 Envie d\u2019en savoir plus ?<\/strong> D\u00e9couvrez <a class=\"\" href=\"#\" rel=\"noopener\" data-start=\"3986\" data-end=\"4025\">notre article sur les 4 arch\u00e9types<\/a> pour sentir leur puissance symbolique et leur impact concret sur le leadership.<\/p>\n<\/div>\n<\/div>\n<\/div>\n<\/div>\n<div class=\"flex justify-start\"><\/div>\n","protected":false},"featured_media":22065,"template":"","meta":{"_et_pb_use_builder":"","_et_pb_old_content":"","_et_gb_content_width":"","_monsterinsights_skip_tracking":false,"_monsterinsights_sitenote_active":false,"_monsterinsights_sitenote_note":"","_monsterinsights_sitenote_category":0},"event_listing_category":[73,43,96,41],"event_listing_type":[],"event_listing_tag":[],"class_list":["post-20372","event_listing","type-event_listing","status-publish","has-post-thumbnail","hentry","event_listing_category-coup-de-coeur","event_listing_category-me-developper-personnellement","event_listing_category-oracle","event_listing_category-spiritualite"],"aioseo_notices":[],"_links":{"self":[{"href":"https:\/\/www.practeez.com\/es\/wp-json\/wp\/v2\/event_listing\/20372","targetHints":{"allow":["GET"]}}],"collection":[{"href":"https:\/\/www.practeez.com\/es\/wp-json\/wp\/v2\/event_listing"}],"about":[{"href":"https:\/\/www.practeez.com\/es\/wp-json\/wp\/v2\/types\/event_listing"}],"wp:featuredmedia":[{"embeddable":true,"href":"https:\/\/www.practeez.com\/es\/wp-json\/wp\/v2\/media\/22065"}],"wp:attachment":[{"href":"https:\/\/www.practeez.com\/es\/wp-json\/wp\/v2\/media?parent=20372"}],"wp:term":[{"taxonomy":"event_listing_category","embeddable":true,"href":"https:\/\/www.practeez.com\/es\/wp-json\/wp\/v2\/event_listing_category?post=20372"},{"taxonomy":"event_listing_type","embeddable":true,"href":"https:\/\/www.practeez.com\/es\/wp-json\/wp\/v2\/event_listing_type?post=20372"},{"taxonomy":"event_listing_tag","embeddable":true,"href":"https:\/\/www.practeez.com\/es\/wp-json\/wp\/v2\/event_listing_tag?post=20372"}],"curies":[{"name":"wp","href":"https:\/\/api.w.org\/{rel}","templated":true}]}}