{"id":20383,"date":"2023-10-12T10:01:18","date_gmt":"2023-10-12T10:01:18","guid":{"rendered":"https:\/\/www.practeez.com\/webatelier\/main-dans-la-main-avec-mon-entreprise-conference-interactive\/"},"modified":"2026-04-12T09:14:09","modified_gmt":"2026-04-12T09:14:09","slug":"main-dans-la-main-avec-mon-entreprise-conference-interactive","status":"publish","type":"event_listing","link":"https:\/\/www.practeez.com\/es\/webatelier\/main-dans-la-main-avec-mon-entreprise-conference-interactive\/","title":{"rendered":"R\u00e9inventer la relation entrepreneur\u2013entreprise &#8211; Conf\u00e9rence interactive"},"content":{"rendered":"<h2 data-start=\"696\" data-end=\"742\"><strong data-start=\"699\" data-end=\"740\">Ce que votre entreprise a \u00e0 vous dire<\/strong><\/h2>\n<h3 data-start=\"743\" data-end=\"778\"><strong data-start=\"747\" data-end=\"778\">Conf\u00e9rence interactive\u00a0<\/strong><\/h3>\n<p data-start=\"780\" data-end=\"956\">Et si votre entreprise n\u2019\u00e9tait pas seulement une structure, un statut ou un lieu d\u2019activit\u00e9\u2026<br data-start=\"872\" data-end=\"875\" \/><strong data-start=\"875\" data-end=\"956\">mais une entit\u00e9 vivante, avec laquelle il est possible d\u2019entrer en relation ?<\/strong><\/p>\n<p data-start=\"958\" data-end=\"1083\">Et si vous pouviez <strong data-start=\"977\" data-end=\"990\">dialoguer<\/strong>, <strong data-start=\"992\" data-end=\"1004\">coop\u00e9rer<\/strong>, <strong data-start=\"1006\" data-end=\"1030\">clarifier votre r\u00f4le<\/strong>, et d\u00e9couvrir ce qu\u2019elle attend r\u00e9ellement de vous ?<\/p>\n<p data-start=\"1085\" data-end=\"1282\">Cette conf\u00e9rence interactive vous invite \u00e0 explorer une perspective nouvelle :<br data-start=\"1163\" data-end=\"1166\" \/>celle d\u2019une relation consciente avec votre entreprise \u2014 qu\u2019elle soit individuelle ou collective, jeune ou install\u00e9e.<\/p>\n<hr data-start=\"1284\" data-end=\"1287\" \/>\n<h2 data-start=\"1289\" data-end=\"1308\"><strong data-start=\"1292\" data-end=\"1308\">Au programme<\/strong><\/h2>\n<p data-start=\"1310\" data-end=\"1363\">Durant cette heure, nous allons explorer ensemble :<\/p>\n<ul data-start=\"1365\" data-end=\"1941\">\n<li data-start=\"1365\" data-end=\"1489\">\n<p data-start=\"1367\" data-end=\"1489\"><strong data-start=\"1367\" data-end=\"1413\">Faire \u00e9voluer votre vision de l\u2019entreprise<\/strong><br data-start=\"1413\" data-end=\"1416\" \/>Passer d\u2019une entit\u00e9 \u00ab ext\u00e9rieure \u00bb \u00e0 un v\u00e9ritable partenaire de chemin.<\/p>\n<\/li>\n<li data-start=\"1491\" data-end=\"1595\">\n<p data-start=\"1493\" data-end=\"1595\"><strong data-start=\"1493\" data-end=\"1538\">Prendre du recul sur la relation actuelle<\/strong><br data-start=\"1538\" data-end=\"1541\" \/>O\u00f9 en \u00eates-vous ? Quel type de lien avez-vous cr\u00e9\u00e9 ?<\/p>\n<\/li>\n<li data-start=\"1597\" data-end=\"1702\">\n<p data-start=\"1599\" data-end=\"1702\"><strong data-start=\"1599\" data-end=\"1644\">D\u00e9couvrir les \u00e9ventuels points de blocage<\/strong><br data-start=\"1644\" data-end=\"1647\" \/>Identifier ce qui freine, use, disperse ou essouffle.<\/p>\n<\/li>\n<li data-start=\"1704\" data-end=\"1822\">\n<p data-start=\"1706\" data-end=\"1822\"><strong data-start=\"1706\" data-end=\"1738\">Clarifier votre contribution<\/strong><br data-start=\"1738\" data-end=\"1741\" \/>Ce que vous portez, ce que votre entreprise porte, et comment mieux collaborer.<\/p>\n<\/li>\n<li data-start=\"1824\" data-end=\"1941\">\n<p data-start=\"1826\" data-end=\"1941\"><strong data-start=\"1826\" data-end=\"1850\">Renforcer votre lien<\/strong><br data-start=\"1850\" data-end=\"1853\" \/>Pour remettre du sens, de la fluidit\u00e9 et de la coh\u00e9rence dans votre mani\u00e8re d\u2019avancer.<\/p>\n<\/li>\n<\/ul>\n<p data-start=\"1943\" data-end=\"2064\">Cette exploration s\u2019appuie sur des questions simples, des exemples concrets et des petits moments d\u2019introspection guid\u00e9e.<\/p>\n<hr data-start=\"2066\" data-end=\"2069\" \/>\n<h2 data-start=\"2071\" data-end=\"2088\"><strong data-start=\"2074\" data-end=\"2088\">Pour qui ?<\/strong><\/h2>\n<p data-start=\"2090\" data-end=\"2120\">Cette conf\u00e9rence s\u2019adresse :<\/p>\n<ul data-start=\"2121\" data-end=\"2296\">\n<li data-start=\"2121\" data-end=\"2147\">\n<p data-start=\"2123\" data-end=\"2147\">aux <strong data-start=\"2127\" data-end=\"2144\">entrepreneurs<\/strong>,<\/p>\n<\/li>\n<li data-start=\"2148\" data-end=\"2171\">\n<p data-start=\"2150\" data-end=\"2171\">aux <strong data-start=\"2154\" data-end=\"2168\">dirigeants<\/strong>,<\/p>\n<\/li>\n<li data-start=\"2172\" data-end=\"2197\">\n<p data-start=\"2174\" data-end=\"2197\">aux <strong data-start=\"2178\" data-end=\"2194\">ind\u00e9pendants<\/strong>,<\/p>\n<\/li>\n<li data-start=\"2198\" data-end=\"2296\">\n<p data-start=\"2200\" data-end=\"2296\">aux <strong data-start=\"2204\" data-end=\"2216\">salari\u00e9s<\/strong> ou <strong data-start=\"2220\" data-end=\"2232\">managers<\/strong> qui souhaitent comprendre autrement leur lien \u00e0 l\u2019organisation.<\/p>\n<\/li>\n<\/ul>\n<p data-start=\"2298\" data-end=\"2453\">Quel que soit votre r\u00f4le ou votre fonction,<br data-start=\"2341\" data-end=\"2344\" \/>si vous cherchez \u00e0 <strong data-start=\"2363\" data-end=\"2420\">d\u00e9velopper une coop\u00e9ration plus vivante et plus juste<\/strong>, cette conf\u00e9rence est pour vous.<\/p>\n","protected":false},"featured_media":18838,"template":"","meta":{"_et_pb_use_builder":"","_et_pb_old_content":"","_et_gb_content_width":"","_monsterinsights_skip_tracking":false,"_monsterinsights_sitenote_active":false,"_monsterinsights_sitenote_note":"","_monsterinsights_sitenote_category":0},"event_listing_category":[139,73,40,61,96,41],"event_listing_type":[],"event_listing_tag":[],"class_list":["post-20383","event_listing","type-event_listing","status-publish","has-post-thumbnail","hentry","event_listing_category-ateliers-collectifs-valdie","event_listing_category-coup-de-coeur","event_listing_category-entreprise-perenne","event_listing_category-m-ouvrir-entreprise-demain","event_listing_category-oracle","event_listing_category-spiritualite"],"aioseo_notices":[],"_links":{"self":[{"href":"https:\/\/www.practeez.com\/es\/wp-json\/wp\/v2\/event_listing\/20383","targetHints":{"allow":["GET"]}}],"collection":[{"href":"https:\/\/www.practeez.com\/es\/wp-json\/wp\/v2\/event_listing"}],"about":[{"href":"https:\/\/www.practeez.com\/es\/wp-json\/wp\/v2\/types\/event_listing"}],"wp:featuredmedia":[{"embeddable":true,"href":"https:\/\/www.practeez.com\/es\/wp-json\/wp\/v2\/media\/18838"}],"wp:attachment":[{"href":"https:\/\/www.practeez.com\/es\/wp-json\/wp\/v2\/media?parent=20383"}],"wp:term":[{"taxonomy":"event_listing_category","embeddable":true,"href":"https:\/\/www.practeez.com\/es\/wp-json\/wp\/v2\/event_listing_category?post=20383"},{"taxonomy":"event_listing_type","embeddable":true,"href":"https:\/\/www.practeez.com\/es\/wp-json\/wp\/v2\/event_listing_type?post=20383"},{"taxonomy":"event_listing_tag","embeddable":true,"href":"https:\/\/www.practeez.com\/es\/wp-json\/wp\/v2\/event_listing_tag?post=20383"}],"curies":[{"name":"wp","href":"https:\/\/api.w.org\/{rel}","templated":true}]}}