{"id":21579,"date":"2020-01-18T16:55:00","date_gmt":"2020-01-18T16:55:00","guid":{"rendered":"https:\/\/www.practeez.com\/faq\/"},"modified":"2025-04-26T07:29:31","modified_gmt":"2025-04-26T07:29:31","slug":"faq","status":"publish","type":"page","link":"https:\/\/www.practeez.com\/es\/faq\/","title":{"rendered":"FAQ"},"content":{"rendered":"<p>[et_pb_section fb_built=\u00bb1&#8243; admin_label=\u00bbFAQ\u00bb _builder_version=\u00bb4.9.7&#8243; background_color=\u00bb#d9ebed\u00bb custom_padding=\u00bb54px|0px|54px|0px|false|false\u00bb][et_pb_row _builder_version=\u00bb4.9.7&#8243; _module_preset=\u00bbdefault\u00bb][et_pb_column type=\u00bb4_4&#8243; _builder_version=\u00bb4.9.7&#8243; _module_preset=\u00bbdefault\u00bb][et_pb_text _builder_version=\u00bb4.9.7&#8243; _module_preset=\u00bbdefault\u00bb text_font=\u00bbPoppins|700|||||||\u00bb text_text_color=\u00bb#1d2424&#8243; text_font_size=\u00bb30px\u00bb header_font=\u00bbPoppins|700|||||||\u00bb header_text_color=\u00bb#1d2424&#8243;]<\/p>\n<h1 style=\"text-align: center;\">Preguntas <span style=\"color: #007a87;\">frecuentes<\/span><\/h1>\n<p>[\/et_pb_text][et_pb_text _builder_version=\u00bb4.9.7&#8243; _module_preset=\u00bbdefault\u00bb text_font=\u00bbPoppins|700|||||||\u00bb text_text_color=\u00bb#1d2424&#8243; text_font_size=\u00bb20px\u00bb]<\/p>\n<p style=\"text-align: center;\"><span>\u201cUn problema sin soluci\u00f3n es un problema mal planteado\u201d.<\/span><\/p>\n<p>[\/et_pb_text][\/et_pb_column][\/et_pb_row][\/et_pb_section][et_pb_section fb_built=\u00bb1&#8243; admin_label=\u00bbFAQ\u00bb _builder_version=\u00bb3.22&#8243; background_color=\u00bb#ffffff\u00bb custom_padding=\u00bb54px|0px|54px|0px|false|false\u00bb locked=\u00bboff\u00bb][et_pb_row column_structure=\u00bb1_2,1_2&#8243; use_custom_gutter=\u00bbon\u00bb _builder_version=\u00bb4.9.7&#8243;][et_pb_column type=\u00bb1_2&#8243; _builder_version=\u00bb3.25&#8243; custom_padding=\u00bb|||\u00bb custom_padding__hover=\u00bb|||\u00bb][et_pb_toggle title=\u00bb\u00bfQu\u00e9 es un taller web? \u00bb open_toggle_text_color=\u00bb#000000&#8243; open_toggle_background_color=\u00bb#ffffff\u00bb closed_toggle_text_color=\u00bb#000000&#8243; closed_toggle_background_color=\u00bb#ffffff\u00bb icon_color=\u00bb#007a87&#8243; _builder_version=\u00bb4.9.7&#8243; title_text_color=\u00bb#ef8233&#8243; title_level=\u00bbh4&#8243; title_font=\u00bbRoboto|500|||||||\u00bb title_line_height=\u00bb1.4em\u00bb body_font=\u00bbPoppins||||||||\u00bb body_text_color=\u00bb#1d2424&#8243; body_font_size=\u00bb16px\u00bb body_line_height=\u00bb2em\u00bb custom_padding=\u00bb30px|40px|30px|40px|true|true\u00bb animation_style=\u00bbfade\u00bb title_font_size_tablet=\u00bb\u00bb title_font_size_phone=\u00bb18px\u00bb title_font_size_last_edited=\u00bbon|phone\u00bb body_font_size_tablet=\u00bb\u00bb body_font_size_phone=\u00bb14px\u00bb body_font_size_last_edited=\u00bbon|desktop\u00bb border_radii=\u00bbon|10px|10px|10px|10px\u00bb border_width_all=\u00bb0px\u00bb box_shadow_style=\u00bbpreset1&#8243; box_shadow_blur=\u00bb30px\u00bb box_shadow_color=\u00bbrgba(0,0,0,0.06)\u00bb]<\/p>\n<div class=\"page\" title=\"Page 1\">\n<div class=\"section\">\n<div class=\"layoutArea\">\n<div class=\"column\">\n<p>Es una sesi\u00f3n de formaci\u00f3n o concienciaci\u00f3n sobre un tema que se realiza de forma online. Un orador dirige la sesi\u00f3n v\u00eda videoconferencia, de forma sincr\u00f3nica. Una sesi\u00f3n generalmente dura entre 1,5 y 2 horas y puede albergar un promedio de 6 participantes.  <\/p>\n<p><span> <\/span><\/p>\n<\/div>\n<\/div>\n<\/div>\n<\/div>\n<p>[\/et_pb_toggle][et_pb_toggle title=\u00bb\u00bfQui\u00e9n dise\u00f1a los talleres web?\u00bb open_toggle_text_color=\u00bb#000000&#8243; open_toggle_background_color=\u00bb#ffffff\u00bb closed_toggle_text_color=\u00bb#000000&#8243; closed_toggle_background_color=\u00bb#ffffff\u00bb icon_color=\u00bb#007a87&#8243; _builder_version=\u00bb4.9.7&#8243; title_text_color=\u00bb#ef8233&#8243; title_level=\u00bbh4&#8243; title_font=\u00bbRoboto|500|||||||\u00bb title_line_height=\u00bb1.4em\u00bb body_font=\u00bb||||||||\u00bb body_font_size=\u00bb16px\u00bb body_line_height=\u00bb2em\u00bb custom_padding=\u00bb30px|40px|30px|40px|true|true\u00bb animation_style=\u00bbfade\u00bb title_font_size_tablet=\u00bb\u00bb title_font_size_phone=\u00bb18px\u00bb title_font_size_last_edited=\u00bbon|phone\u00bb body_font_size_tablet=\u00bb\u00bb body_font_size_phone=\u00bb14px\u00bb body_font_size_last_edited=\u00bbon|desktop\u00bb border_radii=\u00bbon|10px|10px|10px|10px\u00bb border_width_all=\u00bb0px\u00bb box_shadow_style=\u00bbpreset1&#8243; box_shadow_blur=\u00bb30px\u00bb box_shadow_color=\u00bbrgba(0,0,0,0.06)\u00bb]<\/p>\n<div class=\"page\" title=\"Page 1\">\n<div class=\"section\">\n<div class=\"layoutArea\">\n<div class=\"column\">\n<p>Son los ponentes quienes dise\u00f1an su taller. Practeez les apoya cuando es necesario para validar que el proceso corresponde a la carta de Practeez y garantizar un nivel \u00f3ptimo de calidad. <\/p>\n<p><a href=\"https:\/\/practeez.fr\/commentcamarche\"><\/a><\/p>\n<\/div>\n<\/div>\n<\/div>\n<\/div>\n<p>[\/et_pb_toggle][et_pb_toggle title=\u00bb\u00bfQu\u00e9 es la carta de Practeez para talleres web? \u00bb open_toggle_text_color=\u00bb#000000&#8243; open_toggle_background_color=\u00bb#ffffff\u00bb closed_toggle_text_color=\u00bb#000000&#8243; closed_toggle_background_color=\u00bb#ffffff\u00bb icon_color=\u00bb#007a87&#8243; _builder_version=\u00bb4.9.7&#8243; title_level=\u00bbh4&#8243; title_font=\u00bbRoboto|500|||||||\u00bb title_line_height=\u00bb1.4em\u00bb body_font_size=\u00bb16px\u00bb body_line_height=\u00bb2em\u00bb custom_padding=\u00bb30px|40px|30px|40px|true|true\u00bb animation_style=\u00bbfade\u00bb border_radii=\u00bbon|10px|10px|10px|10px\u00bb border_width_all=\u00bb0px\u00bb box_shadow_style=\u00bbpreset1&#8243; box_shadow_blur=\u00bb30px\u00bb box_shadow_color=\u00bbrgba(0,0,0,0.06)\u00bb]<\/p>\n<p>Los talleres web son una experiencia transformadora. La intenci\u00f3n es que sean lo m\u00e1s interactivos y participativos posible para que puedan extraer nuevos m\u00e9todos o posturas para aplicar directamente en su vida profesional. Entonces, hay una secuencia recomendada que incluye crear v\u00ednculos entre los participantes al inicio de la sesi\u00f3n, actividades y luego un cierre para anclar el conocimiento.  <\/p>\n<p>[\/et_pb_toggle][et_pb_toggle title=\u00bb\u00bfQu\u00e9 puerto de videoconferencia se est\u00e1 utilizando? \u00bb open_toggle_text_color=\u00bb#000000&#8243; open_toggle_background_color=\u00bb#ffffff\u00bb closed_toggle_text_color=\u00bb#000000&#8243; closed_toggle_background_color=\u00bb#ffffff\u00bb icon_color=\u00bb#007a87&#8243; _builder_version=\u00bb4.9.7&#8243; title_level=\u00bbh4&#8243; title_font=\u00bbRoboto|500|||||||\u00bb title_line_height=\u00bb1.4em\u00bb body_font_size=\u00bb16px\u00bb body_line_height=\u00bb2em\u00bb custom_padding=\u00bb30px|40px|30px|40px|true|true\u00bb animation_style=\u00bbfade\u00bb border_radii=\u00bbon|10px|10px|10px|10px\u00bb border_width_all=\u00bb0px\u00bb box_shadow_style=\u00bbpreset1&#8243; box_shadow_blur=\u00bb30px\u00bb box_shadow_color=\u00bbrgba(0,0,0,0.06)\u00bb]<\/p>\n<div class=\"page\" title=\"Page 1\">\n<div class=\"section\">\n<div class=\"layoutArea\">\n<div class=\"column\">\n<p>Hemos optado por utilizar Zoom para talleres que dan la bienvenida a personas que se registran directamente. Zoom es t\u00e9cnicamente muy accesible y est\u00e1 muy extendido entre la mayor\u00eda de la poblaci\u00f3n. Por otro lado, cuando realizamos talleres in-house, utilizamos la herramienta desplegada dentro de la organizaci\u00f3n para que los aspectos t\u00e9cnicos no ocupen tiempo a los participantes.  <\/p>\n<\/div>\n<\/div>\n<\/div>\n<\/div>\n<p>[\/et_pb_toggle][et_pb_toggle title=\u00bbJ\u2019ai besoin d\u2019aide technique pour me connecter \u00e0 la session\u00bb open_toggle_text_color=\u00bb#000000&#8243; open_toggle_background_color=\u00bb#ffffff\u00bb closed_toggle_text_color=\u00bb#000000&#8243; closed_toggle_background_color=\u00bb#ffffff\u00bb icon_color=\u00bb#007a87&#8243; _builder_version=\u00bb4.9.7&#8243; title_level=\u00bbh4&#8243; title_font=\u00bbRoboto|500|||||||\u00bb title_line_height=\u00bb1.4em\u00bb body_font_size=\u00bb16px\u00bb body_line_height=\u00bb2em\u00bb custom_padding=\u00bb30px|40px|30px|40px|true|true\u00bb animation_style=\u00bbfade\u00bb border_radii=\u00bbon|10px|10px|10px|10px\u00bb border_width_all=\u00bb0px\u00bb box_shadow_style=\u00bbpreset1&#8243; box_shadow_blur=\u00bb30px\u00bb box_shadow_color=\u00bbrgba(0,0,0,0.06)\u00bb]<\/p>\n<div class=\"page\" title=\"Page 1\">\n<div class=\"section\">\n<div class=\"layoutArea\">\n<div class=\"column\">\n<div class=\"page\" title=\"Page 2\">\n<div class=\"section\">\n<div class=\"layoutArea\">\n<div class=\"column\">\n<p>Aucun probl\u00e8me ! Notre r\u00f4le est de vous aider \u00e0 rejoindre le groupe. Contactez-nous par email hello@practeez.com  <\/p>\n<p><span> <\/span><\/p>\n<\/div>\n<\/div>\n<\/div>\n<\/div>\n<\/div>\n<\/div>\n<\/div>\n<\/div>\n<p>[\/et_pb_toggle][et_pb_toggle title=\u00bb\u00bfPuedo mantenerme en contacto con los participantes despu\u00e9s del taller? \u00bb open_toggle_text_color=\u00bb#000000&#8243; open_toggle_background_color=\u00bb#ffffff\u00bb closed_toggle_text_color=\u00bb#000000&#8243; closed_toggle_background_color=\u00bb#ffffff\u00bb icon_color=\u00bb#007a87&#8243; _builder_version=\u00bb4.9.7&#8243; title_level=\u00bbh4&#8243; title_font=\u00bbRoboto|500|||||||\u00bb title_line_height=\u00bb1.4em\u00bb body_font_size=\u00bb16px\u00bb body_line_height=\u00bb2em\u00bb custom_padding=\u00bb30px|40px|30px|40px|true|true\u00bb animation_style=\u00bbfade\u00bb border_radii=\u00bbon|10px|10px|10px|10px\u00bb border_width_all=\u00bb0px\u00bb box_shadow_style=\u00bbpreset1&#8243; box_shadow_blur=\u00bb30px\u00bb box_shadow_color=\u00bbrgba(0,0,0,0.06)\u00bb]<\/p>\n<div class=\"page\" title=\"Page 1\">\n<div class=\"section\">\n<div class=\"layoutArea\">\n<div class=\"column\">\n<div class=\"page\" title=\"Page 2\">\n<div class=\"section\">\n<div class=\"layoutArea\">\n<div class=\"column\">\n<p>Por supuesto ! Los participantes tienen la oportunidad de conocerse durante la sesi\u00f3n y pueden encontrarse f\u00e1cilmente en LinkedIn. Pr\u00f3ximamente abriremos grupos en redes sociales, abiertos s\u00f3lo para personas que hayan participado en los talleres.  <\/p>\n<p><span> <\/span><\/p>\n<\/div>\n<\/div>\n<\/div>\n<\/div>\n<\/div>\n<\/div>\n<\/div>\n<\/div>\n<p>[\/et_pb_toggle][et_pb_toggle title=\u00bbVengo de una empresa \u00bb open_toggle_text_color=\u00bb#000000&#8243; open_toggle_background_color=\u00bb#ffffff\u00bb closed_toggle_text_color=\u00bb#000000&#8243; closed_toggle_background_color=\u00bb#ffffff\u00bb icon_color=\u00bb#007a87&#8243; _builder_version=\u00bb4.9.7&#8243; title_level=\u00bbh4&#8243; title_font=\u00bbRoboto|500|||||||\u00bb title_line_height=\u00bb1.4em\u00bb body_font_size=\u00bb16px\u00bb body_line_height=\u00bb2em\u00bb custom_padding=\u00bb30px|40px|30px|40px|true|true\u00bb animation_style=\u00bbfade\u00bb border_radii=\u00bbon|10px|10px|10px|10px\u00bb border_width_all=\u00bb0px\u00bb box_shadow_style=\u00bbpreset1&#8243; box_shadow_blur=\u00bb30px\u00bb box_shadow_color=\u00bbrgba(0,0,0,0.06)\u00bb]<\/p>\n<div class=\"page\" title=\"Page 1\">\n<div class=\"section\">\n<div class=\"layoutArea\">\n<div class=\"column\">\n<div class=\"page\" title=\"Page 2\">\n<div class=\"section\">\n<div class=\"layoutArea\">\n<div class=\"column\">\n<p>Quienes deseen encontrar talleres adaptados a los miembros de su organizaci\u00f3n est\u00e1n invitados a consultar la p\u00e1gina de la empresa. Lo mejor es que nos contactes para comentarnos tus necesidades. Nuestra intenci\u00f3n es co-construir un programa que apoye la transformaci\u00f3n de las organizaciones.  <\/p>\n<p><span> <\/span><\/p>\n<\/div>\n<\/div>\n<\/div>\n<\/div>\n<\/div>\n<\/div>\n<\/div>\n<\/div>\n<p>[\/et_pb_toggle][\/et_pb_column][et_pb_column type=\u00bb1_2&#8243; _builder_version=\u00bb3.25&#8243; custom_padding=\u00bb|||\u00bb custom_padding__hover=\u00bb|||\u00bb][et_pb_toggle title=\u00bb\u00bfQu\u00e9 sucede durante un taller? \u00bb open_toggle_text_color=\u00bb#000000&#8243; open_toggle_background_color=\u00bb#ffffff\u00bb closed_toggle_text_color=\u00bb#000000&#8243; closed_toggle_background_color=\u00bb#ffffff\u00bb icon_color=\u00bb#007a87&#8243; _builder_version=\u00bb4.9.7&#8243; title_level=\u00bbh4&#8243; title_font=\u00bbRoboto|500|||||||\u00bb title_line_height=\u00bb1.4em\u00bb body_font_size=\u00bb16px\u00bb body_line_height=\u00bb2em\u00bb custom_padding=\u00bb30px|40px|30px|40px|true|true\u00bb animation_style=\u00bbfade\u00bb border_radii=\u00bbon|10px|10px|10px|10px\u00bb border_width_all=\u00bb0px\u00bb box_shadow_style=\u00bbpreset1&#8243; box_shadow_blur=\u00bb30px\u00bb box_shadow_color=\u00bbrgba(0,0,0,0.06)\u00bb]<\/p>\n<p>A su llegada, los participantes ser\u00e1n recibidos por el ponente. El orador generalmente ofrece un momento de aporte te\u00f3rico y luego pasa r\u00e1pidamente a la pr\u00e1ctica o al debate. Siempre hay un momento para conocer a los dem\u00e1s participantes y hacer cualquier pregunta que puedas tener. Sea como sea, \u00a1cada taller es \u00fanico!   <\/p>\n<p>[\/et_pb_toggle][et_pb_toggle title=\u00bb\u00bfC\u00f3mo se seleccionan los ponentes? \u00bb open_toggle_text_color=\u00bb#000000&#8243; open_toggle_background_color=\u00bb#ffffff\u00bb closed_toggle_text_color=\u00bb#000000&#8243; closed_toggle_background_color=\u00bb#ffffff\u00bb icon_color=\u00bb#007a87&#8243; _builder_version=\u00bb4.9.7&#8243; title_level=\u00bbh4&#8243; title_font=\u00bbRoboto|500|||||||\u00bb title_line_height=\u00bb1.4em\u00bb body_font_size=\u00bb16px\u00bb body_line_height=\u00bb2em\u00bb custom_padding=\u00bb30px|40px|30px|40px|true|true\u00bb animation_style=\u00bbfade\u00bb border_radii=\u00bbon|10px|10px|10px|10px\u00bb border_width_all=\u00bb0px\u00bb box_shadow_style=\u00bbpreset1&#8243; box_shadow_blur=\u00bb30px\u00bb box_shadow_color=\u00bbrgba(0,0,0,0.06)\u00bb]<\/p>\n<div class=\"page\" title=\"Page 1\">\n<div class=\"section\">\n<div class=\"layoutArea\">\n<div class=\"column\">\n<div class=\"page\" title=\"Page 2\">\n<div class=\"section\">\n<div class=\"layoutArea\">\n<div class=\"column\">\n<p>Practeez selecciona oradores que:<\/p>\n<ul>\n<li>Comparte los valores de Practeez: empresa sostenible, humana y colaborativa del ma\u00f1ana, superaci\u00f3n personal, evoluci\u00f3n, empat\u00eda, cocreaci\u00f3n.<\/li>\n<li>Desea compartir su experiencia en uno o m\u00e1s temas que le interesan.<\/li>\n<li>Son capaces de asumir una posici\u00f3n de facilitador durante las sesiones: escucha, adaptabilidad, dando a los participantes la oportunidad de encontrar sus propias soluciones.<\/li>\n<li>\u00bfQuieres explorar nuevos m\u00e9todos de entrenamiento, creando experiencias online?<\/li>\n<li>Tener suficientes habilidades t\u00e9cnicas para facilitar una capacitaci\u00f3n en l\u00ednea fluida<\/li>\n<\/ul>\n<\/div>\n<\/div>\n<\/div>\n<\/div>\n<\/div>\n<\/div>\n<\/div>\n<\/div>\n<p>[\/et_pb_toggle][et_pb_toggle title=\u00bb\u00bfC\u00f3mo se determinan las tem\u00e1ticas de los talleres web? \u00bb open_toggle_text_color=\u00bb#000000&#8243; open_toggle_background_color=\u00bb#ffffff\u00bb closed_toggle_text_color=\u00bb#000000&#8243; closed_toggle_background_color=\u00bb#ffffff\u00bb icon_color=\u00bb#007a87&#8243; _builder_version=\u00bb4.9.7&#8243; title_level=\u00bbh4&#8243; title_font=\u00bbRoboto|500|||||||\u00bb title_line_height=\u00bb1.4em\u00bb body_font_size=\u00bb16px\u00bb body_line_height=\u00bb2em\u00bb custom_padding=\u00bb30px|40px|30px|40px|true|true\u00bb animation_style=\u00bbfade\u00bb border_radii=\u00bbon|10px|10px|10px|10px\u00bb border_width_all=\u00bb0px\u00bb box_shadow_style=\u00bbpreset1&#8243; box_shadow_blur=\u00bb30px\u00bb box_shadow_color=\u00bbrgba(0,0,0,0.06)\u00bb]<\/p>\n<div class=\"page\" title=\"Page 1\">\n<div class=\"section\">\n<div class=\"layoutArea\">\n<div class=\"column\">\n<div class=\"page\" title=\"Page 2\">\n<div class=\"section\">\n<div class=\"layoutArea\">\n<div class=\"column\">\n<p>Practeez ofrece temas relacionados con los negocios del ma\u00f1ana. No tenemos un modelo espec\u00edfico para los negocios del ma\u00f1ana, pero s\u00ed sobre todo un estado mental que tiende hacia los negocios humanos y sostenibles. Esto utiliza la inteligencia colectiva y da la bienvenida a los miembros en su autenticidad. Las tem\u00e1ticas de los talleres abarcan desde la innovaci\u00f3n hasta el desarrollo personal, pasando por la gobernanza, la inteligencia colectiva, el modelo econ\u00f3mico y la ecolog\u00eda. Nos basamos en nuestros sentimientos, en nuestro an\u00e1lisis de la evoluci\u00f3n de las organizaciones y en las necesidades que nos comparten los miembros de la comunidad.    <\/p>\n<\/div>\n<\/div>\n<\/div>\n<\/div>\n<\/div>\n<\/div>\n<\/div>\n<\/div>\n<p>[\/et_pb_toggle][et_pb_toggle title=\u00bb\u00bfPor qu\u00e9 algunos talleres tienen precio de conciencia libre?\u00bb open_toggle_text_color=\u00bb#000000&#8243; open_toggle_background_color=\u00bb#ffffff\u00bb closed_toggle_text_color=\u00bb#000000&#8243; closed_toggle_background_color=\u00bb#ffffff\u00bb icon_color=\u00bb#007a87&#8243; _builder_version=\u00bb4.9.7&#8243; title_level=\u00bbh4&#8243; title_font=\u00bbRoboto|500|||||||\u00bb title_line_height=\u00bb1.4em\u00bb body_font_size=\u00bb16px\u00bb body_line_height=\u00bb2em\u00bb custom_padding=\u00bb30px|40px|30px|40px|true|true\u00bb animation_style=\u00bbfade\u00bb border_radii=\u00bbon|10px|10px|10px|10px\u00bb border_width_all=\u00bb0px\u00bb box_shadow_style=\u00bbpreset1&#8243; box_shadow_blur=\u00bb30px\u00bb box_shadow_color=\u00bbrgba(0,0,0,0.06)\u00bb]<\/p>\n<p>Practeez apoya a las personas hacia una postura libre y responsable. Por eso ofrecemos una modalidad de financiaci\u00f3n flexible para algunos de nuestros talleres web: participaci\u00f3n libre y consciente. Los participantes son responsables de determinar la cantidad de su participaci\u00f3n en el taller, inmediatamente despu\u00e9s de que se haya llevado a cabo la sesi\u00f3n.  <\/p>\n<p>&nbsp;<\/p>\n<p>La participaci\u00f3n libre y consciente permite a cada uno contribuir seg\u00fan sus posibilidades, sopesando todos los criterios necesarios para tomar una decisi\u00f3n justa: sus medios econ\u00f3micos, la calidad y la utilidad del material transmitido, la calidad de la acogida, las necesidades de los animadores.<\/p>\n<p>La participaci\u00f3n permite en particular cubrir:<\/p>\n<ul>\n<li>El salario de los animadores. Esto es lo que les permite vivir y pagar sus cuentas. <\/li>\n<li>Tarifas de Practeez: plataforma de inscripci\u00f3n, selecci\u00f3n de conferenciantes de calidad, posible contribuci\u00f3n educativa, animaci\u00f3n de una comunidad de conferenciantes y estudiantes. Esto es lo que permite a Practeez seguir existiendo y ofrecerle talleres web de calidad. <\/li>\n<\/ul>\n<p>[\/et_pb_toggle][et_pb_toggle title=\u00bb\u00bfC\u00f3mo funciona el pago a libre conciencia para determinados talleres?\u00bb open_toggle_text_color=\u00bb#000000&#8243; open_toggle_background_color=\u00bb#ffffff\u00bb closed_toggle_text_color=\u00bb#000000&#8243; closed_toggle_background_color=\u00bb#ffffff\u00bb icon_color=\u00bb#007a87&#8243; _builder_version=\u00bb4.9.7&#8243; title_level=\u00bbh4&#8243; title_font=\u00bbRoboto|500|||||||\u00bb title_line_height=\u00bb1.4em\u00bb body_font_size=\u00bb16px\u00bb body_line_height=\u00bb2em\u00bb custom_padding=\u00bb30px|40px|30px|40px|true|true\u00bb animation_style=\u00bbfade\u00bb hover_enabled=\u00bb0&#8243; border_radii=\u00bbon|10px|10px|10px|10px\u00bb border_width_all=\u00bb0px\u00bb box_shadow_style=\u00bbpreset1&#8243; box_shadow_blur=\u00bb30px\u00bb box_shadow_color=\u00bbrgba(0,0,0,0.06)\u00bb sticky_enabled=\u00bb0&#8243;]<\/p>\n<ol>\n<li>Establece la cantidad. Al finalizar el taller web podr\u00e1s valorar el valor de lo recibido y definir el monto que deseas aportar. <\/li>\n<li>Recibir\u00e1s un enlace de Practeez para pagar con tarjeta de cr\u00e9dito o Paypal.<\/li>\n<li>Una vez realizado el pago, recibir\u00e1s una factura correspondiente al importe abonado.<\/li>\n<\/ol>\n<p>&nbsp;<\/p>\n<p>[\/et_pb_toggle][et_pb_toggle title=\u00bb\u00bfPuedo ver la repetici\u00f3n?\u00bb open_toggle_text_color=\u00bb#000000&#8243; open_toggle_background_color=\u00bb#ffffff\u00bb closed_toggle_text_color=\u00bb#000000&#8243; closed_toggle_background_color=\u00bb#ffffff\u00bb icon_color=\u00bb#007a87&#8243; _builder_version=\u00bb4.9.7&#8243; title_level=\u00bbh4&#8243; title_font=\u00bbRoboto|500|||||||\u00bb title_line_height=\u00bb1.4em\u00bb body_font_size=\u00bb16px\u00bb body_line_height=\u00bb2em\u00bb custom_padding=\u00bb30px|40px|30px|40px|true|true\u00bb animation_style=\u00bbfade\u00bb border_radii=\u00bbon|10px|10px|10px|10px\u00bb border_width_all=\u00bb0px\u00bb box_shadow_style=\u00bbpreset1&#8243; box_shadow_blur=\u00bb30px\u00bb box_shadow_color=\u00bbrgba(0,0,0,0.06)\u00bb]<\/p>\n<p>Un taller se vive en el momento presente, no hay grabaci\u00f3n y por tanto no hay repetici\u00f3n.<\/p>\n<p>Creemos que la transformaci\u00f3n y el dominio de las pr\u00e1cticas es \u00f3ptimo cuando podemos experimentar con m\u00e9todos o posturas. La informaci\u00f3n compartida por los participantes suele ser confidencial y se desarrolla en un marco de confianza. Por \u00faltimo, creemos que algunas personas ser\u00edan menos aut\u00e9nticas si fueran grabadas. Entonces no hay grabaci\u00f3n   <\/p>\n<p>[\/et_pb_toggle][et_pb_toggle title=\u00bb\u00bfPuedo ofrecer mis cursos de formaci\u00f3n en la plataforma Practeez? \u00bb open_toggle_text_color=\u00bb#000000&#8243; open_toggle_background_color=\u00bb#ffffff\u00bb closed_toggle_text_color=\u00bb#000000&#8243; closed_toggle_background_color=\u00bb#ffffff\u00bb icon_color=\u00bb#007a87&#8243; _builder_version=\u00bb4.9.7&#8243; title_level=\u00bbh4&#8243; title_font=\u00bbRoboto|500|||||||\u00bb title_line_height=\u00bb1.4em\u00bb body_font_size=\u00bb16px\u00bb body_line_height=\u00bb2em\u00bb custom_padding=\u00bb30px|40px|30px|40px|true|true\u00bb animation_style=\u00bbfade\u00bb border_radii=\u00bbon|10px|10px|10px|10px\u00bb border_width_all=\u00bb0px\u00bb box_shadow_style=\u00bbpreset1&#8243; box_shadow_blur=\u00bb30px\u00bb box_shadow_color=\u00bbrgba(0,0,0,0.06)\u00bb]<\/p>\n<p>Damos la bienvenida a nuevos oradores que se sientan alineados con Practeez. Cont\u00e1ctanos para conocer nuestro proceso de ingreso. <\/p>\n<p>[\/et_pb_toggle][\/et_pb_column][\/et_pb_row][\/et_pb_section]<\/p>\n","protected":false},"excerpt":{"rendered":"<p>Preguntas frecuentes\u201cUn problema sin soluci\u00f3n es un problema mal planteado\u201d. Es una sesi\u00f3n de formaci\u00f3n o concienciaci\u00f3n sobre un tema que se realiza de forma online. Un orador dirige la sesi\u00f3n v\u00eda videoconferencia, de forma sincr\u00f3nica. Una sesi\u00f3n generalmente dura entre 1,5 y 2 horas y puede albergar un promedio de 6 participantes. Son los [&hellip;]<\/p>\n","protected":false},"author":3,"featured_media":0,"parent":0,"menu_order":0,"comment_status":"closed","ping_status":"closed","template":"","meta":{"_et_pb_use_builder":"on","_et_pb_old_content":"","_et_gb_content_width":"","_monsterinsights_skip_tracking":false,"_monsterinsights_sitenote_active":false,"_monsterinsights_sitenote_note":"","_monsterinsights_sitenote_category":0,"footnotes":""},"class_list":["post-21579","page","type-page","status-publish","hentry"],"aioseo_notices":[],"_links":{"self":[{"href":"https:\/\/www.practeez.com\/es\/wp-json\/wp\/v2\/pages\/21579","targetHints":{"allow":["GET"]}}],"collection":[{"href":"https:\/\/www.practeez.com\/es\/wp-json\/wp\/v2\/pages"}],"about":[{"href":"https:\/\/www.practeez.com\/es\/wp-json\/wp\/v2\/types\/page"}],"author":[{"embeddable":true,"href":"https:\/\/www.practeez.com\/es\/wp-json\/wp\/v2\/users\/3"}],"replies":[{"embeddable":true,"href":"https:\/\/www.practeez.com\/es\/wp-json\/wp\/v2\/comments?post=21579"}],"version-history":[{"count":8,"href":"https:\/\/www.practeez.com\/es\/wp-json\/wp\/v2\/pages\/21579\/revisions"}],"predecessor-version":[{"id":21610,"href":"https:\/\/www.practeez.com\/es\/wp-json\/wp\/v2\/pages\/21579\/revisions\/21610"}],"wp:attachment":[{"href":"https:\/\/www.practeez.com\/es\/wp-json\/wp\/v2\/media?parent=21579"}],"curies":[{"name":"wp","href":"https:\/\/api.w.org\/{rel}","templated":true}]}}